{"id":16584,"date":"2014-05-20T07:51:11","date_gmt":"2014-05-20T06:51:11","guid":{"rendered":"https:\/\/www.renatasenso.com\/inicio\/"},"modified":"2023-07-12T06:45:40","modified_gmt":"2023-07-12T05:45:40","slug":"inicio","status":"publish","type":"page","link":"https:\/\/www.renatasenso.com\/es\/","title":{"rendered":"Inicio"},"content":{"rendered":"<div class=\"wpb-content-wrapper\"><p>[vc_row css_animation=\u00bb\u00bb row_type=\u00bbrow\u00bb use_row_as_full_screen_section=\u00bbyes\u00bb type=\u00bbgrid\u00bb angled_section=\u00bbno\u00bb text_align=\u00bbcenter\u00bb background_image_as_pattern=\u00bbwithout_pattern\u00bb background_image=\u00bb15468&#8243;][vc_column][vc_row_inner row_type=\u00bbrow\u00bb type=\u00bbfull_width\u00bb text_align=\u00bbcenter\u00bb css_animation=\u00bb\u00bb padding_top=\u00bb100&#8243; padding_bottom=\u00bb262&#8243;][vc_column_inner][vc_empty_space height=\u00bb40px\u00bb][vc_separator type=\u00bbtransparent\u00bb up=\u00bb-27&#8243; down=\u00bb0&#8243;][vc_column_text]<\/p>\n<h2>BIENVENIDO<\/h2>\n<p>[\/vc_column_text][vc_empty_space height=\u00bb12px\u00bb][vc_separator type=\u00bbtransparent\u00bb up=\u00bb17&#8243; down=\u00bb0&#8243;][vc_column_text css=\u00bb.vc_custom_1685108688571{padding-right: 10% !important;padding-left: 10% !important;}\u00bb]<\/p>\n<h3>EN EL SITIO WEB OFICIAL DE<\/h3>\n<p>[\/vc_column_text][vc_empty_space height=\u00bb12px\u00bb][vc_column_text]<\/p>\n<h2>RENATA SENSO<\/h2>\n<p>[\/vc_column_text][vc_separator type=\u00bbtransparent\u00bb up=\u00bb41&#8243; down=\u00bb0&#8243;]<a  itemprop=\"url\" href=\"https:\/\/www.renatasenso.com\/portfolio\/\" target=\"_blank\"  class=\"qbutton  default\" style=\"margin: 0 7px 0 0; \">CARTERA<\/a><a  itemprop=\"url\" href=\"https:\/\/www.renatasenso.com\/contact\/\" target=\"_self\" data-hover-background-color=\"#353535\" class=\"qbutton  default\" style=\"background-color:#222222;\">CONTACTO<\/a>[\/vc_column_inner][\/vc_row_inner][\/vc_column][\/vc_row][vc_row css_animation=\u00bb\u00bb row_type=\u00bbrow\u00bb use_row_as_full_screen_section=\u00bbyes\u00bb type=\u00bbgrid\u00bb angled_section=\u00bbno\u00bb text_align=\u00bbcenter\u00bb background_image_as_pattern=\u00bbwithout_pattern\u00bb background_color=\u00bb#f9f9f9&#8243; z_index=\u00bb\u00bb][vc_column][vc_video link=\u00bbhttps:\/\/vimeo.com\/63812309&#8243; el_width=\u00bb80&#8243; align=\u00bbcenter\u00bb][\/vc_column][\/vc_row][vc_row css_animation=\u00bb\u00bb row_type=\u00bbrow\u00bb use_row_as_full_screen_section=\u00bbyes\u00bb type=\u00bbgrid\u00bb angled_section=\u00bbno\u00bb text_align=\u00bbcenter\u00bb background_image_as_pattern=\u00bbwithout_pattern\u00bb background_color=\u00bb#fdfdfd\u00bb][vc_column][vc_column_text]<\/p>\n<h2 style=\"text-align: center;\">BIOGRAF\u00cdA<\/h2>\n<p>[\/vc_column_text][vc_separator type=\u00bbsmall\u00bb position=\u00bbcenter\u00bb color=\u00bb#000000&#8243;][vc_column_text]<\/p>\n<h5 style=\"text-align: justify;\">Anteriormente conocida por el seud\u00f3nimo de Renata Gill, la artista naci\u00f3 en Casablanca (Marruecos).<\/h5>\n<h5 style=\"text-align: justify;\">Su obra, esencialmente figurativa, se caracteriza por su sentido de la est\u00e9tica, donde la pureza y sofisticaci\u00f3n de las formas emanan fuerza y poder.<\/h5>\n<h5 style=\"text-align: justify;\">Algunas de las esculturas tambi\u00e9n expresan desapego, sabidur\u00eda y serenidad interior.<\/h5>\n<h5 style=\"text-align: justify;\">Otros, m\u00e1s abstractos o \u00e1speros, reflejan un cuestionamiento filos\u00f3fico interior, sobre la vanidad de la existencia, o la b\u00fasqueda existencial, su efimeridad, o incluso la inquietante extra\u00f1eza de la realidad.<\/h5>\n<h5 style=\"text-align: justify;\">El proceso creativo brota de lo m\u00e1s \u00edntimo de su ser a trav\u00e9s de la representaci\u00f3n figurativa de la obra a realizar, hasta su forma acabada en un solo trazo.<\/h5>\n<h5 style=\"text-align: justify;\">\u00abLa cuesti\u00f3n de la identidad est\u00e1 en el centro de la obra de Renata, en los l\u00edmites cambiantes entre lo real y lo imaginario.<\/h5>\n<p>[\/vc_column_text][\/vc_column][\/vc_row][vc_row css_animation=\u00bb\u00bb row_type=\u00bbrow\u00bb use_row_as_full_screen_section=\u00bbyes\u00bb type=\u00bbgrid\u00bb angled_section=\u00bbno\u00bb text_align=\u00bbcenter\u00bb background_image_as_pattern=\u00bbwithout_pattern\u00bb background_color=\u00bb#f9f9f9&#8243; z_index=\u00bb\u00bb][vc_column width=\u00bb1\/2&#8243;][vc_column_text]<\/p>\n<h5><strong>V\u00eddeo de la exposici\u00f3n en la Maison de l&#8217;Artisanat et des M\u00e9tiers d&#8217;Art de Marsella:<\/strong><\/h5>\n<p>[\/vc_column_text][vc_separator type=\u00bbtransparent\u00bb up=\u00bb31&#8243; down=\u00bb0&#8243;][vc_video link=\u00bbhttps:\/\/vimeo.com\/80580062&#8243; el_width=\u00bb80&#8243; align=\u00bbcenter\u00bb][vc_separator type=\u00bbtransparent\u00bb up=\u00bb31&#8243; down=\u00bb0&#8243;][vc_column_text]<strong><a href=\"https:\/\/vimeo.com\/80580062\" target=\"_blank\" rel=\"noopener\">Renata Senso en Pavillon M &#8211; Marsella<\/a> from <a href=\"https:\/\/vimeo.com\/user17641391\" target=\"_blank\" rel=\"noopener\">Renata Senso<\/a> on <a href=\"https:\/\/vimeo.com\/\" target=\"_blank\" rel=\"noopener\">Vimeo<\/a>.<\/strong>[\/vc_column_text][vc_empty_space][\/vc_column][vc_column width=\u00bb1\/2&#8243;][vc_column_text]<\/p>\n<h5 class=\"_3vbdr sc-frDJqD fDQgcn\"><strong><span class=\"-KXLs\">Exposici\u00f3n en la Maison de l&#8217;Artisanat et des M\u00e9tiers d&#8217;Art de Marsella:<\/span><\/strong><\/h5>\n<p>[\/vc_column_text][vc_separator type=\u00bbtransparent\u00bb up=\u00bb31&#8243; down=\u00bb0&#8243;][vc_video link=\u00bbhttps:\/\/vimeo.com\/86510811&#8243; el_width=\u00bb80&#8243; align=\u00bbcenter\u00bb][vc_separator type=\u00bbtransparent\u00bb up=\u00bb31&#8243; down=\u00bb0&#8243;][vc_column_text]<strong>Pel\u00edcula realizada durante la<a href=\"https:\/\/vimeo.com\/86510811\" target=\"_blank\" rel=\"noopener\">exposici\u00f3n en la Maison de l&#8217;Artisanat et des M\u00e9tiers d&#8217;Art de Marsella<\/a> en oto\u00f1o de 2011 from <a href=\"https:\/\/vimeo.com\/user17641391\" target=\"_blank\" rel=\"noopener\">Renata Senso<\/a> on <a href=\"https:\/\/vimeo.com\/\" target=\"_blank\" rel=\"noopener\">Vimeo<\/a>.<\/strong>[\/vc_column_text][vc_empty_space][\/vc_column][\/vc_row]<\/p>\n<\/div>","protected":false},"excerpt":{"rendered":"<p>[vc_row css_animation=\u00bb\u00bb row_type=\u00bbrow\u00bb use_row_as_full_screen_section=\u00bbyes\u00bb type=\u00bbgrid\u00bb angled_section=\u00bbno\u00bb text_align=\u00bbcenter\u00bb background_image_as_pattern=\u00bbwithout_pattern\u00bb background_image=\u00bb15468&#8243;][vc_column][vc_row_inner row_type=\u00bbrow\u00bb type=\u00bbfull_width\u00bb text_align=\u00bbcenter\u00bb css_animation=\u00bb\u00bb padding_top=\u00bb100&#8243; padding_bottom=\u00bb262&#8243;][vc_column_inner][vc_empty_space height=\u00bb40px\u00bb][vc_separator type=\u00bbtransparent\u00bb up=\u00bb-27&#8243; down=\u00bb0&#8243;][vc_column_text] BIENVENIDO [\/vc_column_text][vc_empty_space height=\u00bb12px\u00bb][vc_separator type=\u00bbtransparent\u00bb up=\u00bb17&#8243; down=\u00bb0&#8243;][vc_column_text css=\u00bb.vc_custom_1685108688571{padding-right: 10% !important;padding-left: 10% !important;}\u00bb] EN EL SITIO WEB OFICIAL DE [\/vc_column_text][vc_empty_space height=\u00bb12px\u00bb][vc_column_text] RENATA SENSO [\/vc_column_text][vc_separator type=\u00bbtransparent\u00bb up=\u00bb41&#8243; down=\u00bb0&#8243;][\/vc_column_inner][\/vc_row_inner][\/vc_column][\/vc_row][vc_row css_animation=\u00bb\u00bb&#8230;<\/p>\n","protected":false},"author":4,"featured_media":0,"parent":0,"menu_order":0,"comment_status":"open","ping_status":"open","template":"full_screen.php","meta":{"footnotes":""},"class_list":["post-16584","page","type-page","status-publish","hentry"],"yoast_head":"<!-- This site is optimized with the Yoast SEO plugin v27.4 - https:\/\/yoast.com\/product\/yoast-seo-wordpress\/ -->\n<title>Inicio - Renata Senso Sculptures<\/title>\n<meta name=\"robots\" content=\"index, follow, max-snippet:-1, max-image-preview:large, max-video-preview:-1\" \/>\n<link rel=\"canonical\" href=\"https:\/\/www.renatasenso.com\/es\/\" \/>\n<meta property=\"og:locale\" content=\"es_ES\" \/>\n<meta property=\"og:type\" content=\"article\" \/>\n<meta property=\"og:title\" content=\"Inicio - Renata Senso Sculptures\" \/>\n<meta property=\"og:description\" content=\"[vc_row css_animation=\u00bb\u00bb row_type=\u00bbrow\u00bb use_row_as_full_screen_section=\u00bbyes\u00bb type=\u00bbgrid\u00bb angled_section=\u00bbno\u00bb text_align=\u00bbcenter\u00bb background_image_as_pattern=\u00bbwithout_pattern\u00bb background_image=\u00bb15468&#8243;][vc_column][vc_row_inner row_type=\u00bbrow\u00bb type=\u00bbfull_width\u00bb text_align=\u00bbcenter\u00bb css_animation=\u00bb\u00bb padding_top=\u00bb100&#8243; padding_bottom=\u00bb262&#8243;][vc_column_inner][vc_empty_space height=\u00bb40px\u00bb][vc_separator type=\u00bbtransparent\u00bb up=\u00bb-27&#8243; down=\u00bb0&#8243;][vc_column_text] BIENVENIDO [\/vc_column_text][vc_empty_space height=\u00bb12px\u00bb][vc_separator type=\u00bbtransparent\u00bb up=\u00bb17&#8243; down=\u00bb0&#8243;][vc_column_text css=\u00bb.vc_custom_1685108688571{padding-right: 10% !important;padding-left: 10% !important;}\u00bb] EN EL SITIO WEB OFICIAL DE [\/vc_column_text][vc_empty_space height=\u00bb12px\u00bb][vc_column_text] RENATA SENSO [\/vc_column_text][vc_separator type=\u00bbtransparent\u00bb up=\u00bb41&#8243; down=\u00bb0&#8243;][\/vc_column_inner][\/vc_row_inner][\/vc_column][\/vc_row][vc_row css_animation=\u00bb\u00bb...\" \/>\n<meta property=\"og:url\" content=\"https:\/\/www.renatasenso.com\/es\/\" \/>\n<meta property=\"og:site_name\" content=\"Renata Senso Sculptures\" \/>\n<meta property=\"article:modified_time\" content=\"2023-07-12T05:45:40+00:00\" \/>\n<meta name=\"twitter:card\" content=\"summary_large_image\" \/>\n<meta name=\"twitter:label1\" content=\"Tiempo de lectura\" \/>\n\t<meta name=\"twitter:data1\" content=\"3 minutos\" \/>\n<script type=\"application\/ld+json\" class=\"yoast-schema-graph\">{\"@context\":\"https:\\\/\\\/schema.org\",\"@graph\":[{\"@type\":\"WebPage\",\"@id\":\"https:\\\/\\\/www.renatasenso.com\\\/es\\\/\",\"url\":\"https:\\\/\\\/www.renatasenso.com\\\/es\\\/\",\"name\":\"Inicio - Renata Senso Sculptures\",\"isPartOf\":{\"@id\":\"https:\\\/\\\/www.renatasenso.com\\\/es\\\/#website\"},\"datePublished\":\"2014-05-20T06:51:11+00:00\",\"dateModified\":\"2023-07-12T05:45:40+00:00\",\"breadcrumb\":{\"@id\":\"https:\\\/\\\/www.renatasenso.com\\\/es\\\/#breadcrumb\"},\"inLanguage\":\"es\",\"potentialAction\":[{\"@type\":\"ReadAction\",\"target\":[\"https:\\\/\\\/www.renatasenso.com\\\/es\\\/\"]}]},{\"@type\":\"BreadcrumbList\",\"@id\":\"https:\\\/\\\/www.renatasenso.com\\\/es\\\/#breadcrumb\",\"itemListElement\":[{\"@type\":\"ListItem\",\"position\":1,\"name\":\"Accueil\",\"item\":\"https:\\\/\\\/www.renatasenso.com\\\/es\\\/inicio\\\/\"},{\"@type\":\"ListItem\",\"position\":2,\"name\":\"Inicio\"}]},{\"@type\":\"WebSite\",\"@id\":\"https:\\\/\\\/www.renatasenso.com\\\/es\\\/#website\",\"url\":\"https:\\\/\\\/www.renatasenso.com\\\/es\\\/\",\"name\":\"Renata Senso Sculptures\",\"description\":\"\",\"publisher\":{\"@id\":\"https:\\\/\\\/www.renatasenso.com\\\/es\\\/#\\\/schema\\\/person\\\/358982556384e59002b0297aa219d8f1\"},\"potentialAction\":[{\"@type\":\"SearchAction\",\"target\":{\"@type\":\"EntryPoint\",\"urlTemplate\":\"https:\\\/\\\/www.renatasenso.com\\\/es\\\/?s={search_term_string}\"},\"query-input\":{\"@type\":\"PropertyValueSpecification\",\"valueRequired\":true,\"valueName\":\"search_term_string\"}}],\"inLanguage\":\"es\"},{\"@type\":[\"Person\",\"Organization\"],\"@id\":\"https:\\\/\\\/www.renatasenso.com\\\/es\\\/#\\\/schema\\\/person\\\/358982556384e59002b0297aa219d8f1\",\"name\":\"Renata SENSO\",\"image\":{\"@type\":\"ImageObject\",\"inLanguage\":\"es\",\"@id\":\"https:\\\/\\\/www.renatasenso.com\\\/wp-content\\\/uploads\\\/2023\\\/05\\\/RenataSenso-logo-10.png\",\"url\":\"https:\\\/\\\/www.renatasenso.com\\\/wp-content\\\/uploads\\\/2023\\\/05\\\/RenataSenso-logo-10.png\",\"contentUrl\":\"https:\\\/\\\/www.renatasenso.com\\\/wp-content\\\/uploads\\\/2023\\\/05\\\/RenataSenso-logo-10.png\",\"width\":206,\"height\":88,\"caption\":\"Renata SENSO\"},\"logo\":{\"@id\":\"https:\\\/\\\/www.renatasenso.com\\\/wp-content\\\/uploads\\\/2023\\\/05\\\/RenataSenso-logo-10.png\"}}]}<\/script>\n<!-- \/ Yoast SEO plugin. -->","yoast_head_json":{"title":"Inicio - Renata Senso Sculptures","robots":{"index":"index","follow":"follow","max-snippet":"max-snippet:-1","max-image-preview":"max-image-preview:large","max-video-preview":"max-video-preview:-1"},"canonical":"https:\/\/www.renatasenso.com\/es\/","og_locale":"es_ES","og_type":"article","og_title":"Inicio - Renata Senso Sculptures","og_description":"[vc_row css_animation=\u00bb\u00bb row_type=\u00bbrow\u00bb use_row_as_full_screen_section=\u00bbyes\u00bb type=\u00bbgrid\u00bb angled_section=\u00bbno\u00bb text_align=\u00bbcenter\u00bb background_image_as_pattern=\u00bbwithout_pattern\u00bb background_image=\u00bb15468&#8243;][vc_column][vc_row_inner row_type=\u00bbrow\u00bb type=\u00bbfull_width\u00bb text_align=\u00bbcenter\u00bb css_animation=\u00bb\u00bb padding_top=\u00bb100&#8243; padding_bottom=\u00bb262&#8243;][vc_column_inner][vc_empty_space height=\u00bb40px\u00bb][vc_separator type=\u00bbtransparent\u00bb up=\u00bb-27&#8243; down=\u00bb0&#8243;][vc_column_text] BIENVENIDO [\/vc_column_text][vc_empty_space height=\u00bb12px\u00bb][vc_separator type=\u00bbtransparent\u00bb up=\u00bb17&#8243; down=\u00bb0&#8243;][vc_column_text css=\u00bb.vc_custom_1685108688571{padding-right: 10% !important;padding-left: 10% !important;}\u00bb] EN EL SITIO WEB OFICIAL DE [\/vc_column_text][vc_empty_space height=\u00bb12px\u00bb][vc_column_text] RENATA SENSO [\/vc_column_text][vc_separator type=\u00bbtransparent\u00bb up=\u00bb41&#8243; down=\u00bb0&#8243;][\/vc_column_inner][\/vc_row_inner][\/vc_column][\/vc_row][vc_row css_animation=\u00bb\u00bb...","og_url":"https:\/\/www.renatasenso.com\/es\/","og_site_name":"Renata Senso Sculptures","article_modified_time":"2023-07-12T05:45:40+00:00","twitter_card":"summary_large_image","twitter_misc":{"Tiempo de lectura":"3 minutos"},"schema":{"@context":"https:\/\/schema.org","@graph":[{"@type":"WebPage","@id":"https:\/\/www.renatasenso.com\/es\/","url":"https:\/\/www.renatasenso.com\/es\/","name":"Inicio - Renata Senso Sculptures","isPartOf":{"@id":"https:\/\/www.renatasenso.com\/es\/#website"},"datePublished":"2014-05-20T06:51:11+00:00","dateModified":"2023-07-12T05:45:40+00:00","breadcrumb":{"@id":"https:\/\/www.renatasenso.com\/es\/#breadcrumb"},"inLanguage":"es","potentialAction":[{"@type":"ReadAction","target":["https:\/\/www.renatasenso.com\/es\/"]}]},{"@type":"BreadcrumbList","@id":"https:\/\/www.renatasenso.com\/es\/#breadcrumb","itemListElement":[{"@type":"ListItem","position":1,"name":"Accueil","item":"https:\/\/www.renatasenso.com\/es\/inicio\/"},{"@type":"ListItem","position":2,"name":"Inicio"}]},{"@type":"WebSite","@id":"https:\/\/www.renatasenso.com\/es\/#website","url":"https:\/\/www.renatasenso.com\/es\/","name":"Renata Senso Sculptures","description":"","publisher":{"@id":"https:\/\/www.renatasenso.com\/es\/#\/schema\/person\/358982556384e59002b0297aa219d8f1"},"potentialAction":[{"@type":"SearchAction","target":{"@type":"EntryPoint","urlTemplate":"https:\/\/www.renatasenso.com\/es\/?s={search_term_string}"},"query-input":{"@type":"PropertyValueSpecification","valueRequired":true,"valueName":"search_term_string"}}],"inLanguage":"es"},{"@type":["Person","Organization"],"@id":"https:\/\/www.renatasenso.com\/es\/#\/schema\/person\/358982556384e59002b0297aa219d8f1","name":"Renata SENSO","image":{"@type":"ImageObject","inLanguage":"es","@id":"https:\/\/www.renatasenso.com\/wp-content\/uploads\/2023\/05\/RenataSenso-logo-10.png","url":"https:\/\/www.renatasenso.com\/wp-content\/uploads\/2023\/05\/RenataSenso-logo-10.png","contentUrl":"https:\/\/www.renatasenso.com\/wp-content\/uploads\/2023\/05\/RenataSenso-logo-10.png","width":206,"height":88,"caption":"Renata SENSO"},"logo":{"@id":"https:\/\/www.renatasenso.com\/wp-content\/uploads\/2023\/05\/RenataSenso-logo-10.png"}}]}},"_links":{"self":[{"href":"https:\/\/www.renatasenso.com\/es\/wp-json\/wp\/v2\/pages\/16584","targetHints":{"allow":["GET"]}}],"collection":[{"href":"https:\/\/www.renatasenso.com\/es\/wp-json\/wp\/v2\/pages"}],"about":[{"href":"https:\/\/www.renatasenso.com\/es\/wp-json\/wp\/v2\/types\/page"}],"author":[{"embeddable":true,"href":"https:\/\/www.renatasenso.com\/es\/wp-json\/wp\/v2\/users\/4"}],"replies":[{"embeddable":true,"href":"https:\/\/www.renatasenso.com\/es\/wp-json\/wp\/v2\/comments?post=16584"}],"version-history":[{"count":8,"href":"https:\/\/www.renatasenso.com\/es\/wp-json\/wp\/v2\/pages\/16584\/revisions"}],"predecessor-version":[{"id":16824,"href":"https:\/\/www.renatasenso.com\/es\/wp-json\/wp\/v2\/pages\/16584\/revisions\/16824"}],"wp:attachment":[{"href":"https:\/\/www.renatasenso.com\/es\/wp-json\/wp\/v2\/media?parent=16584"}],"curies":[{"name":"wp","href":"https:\/\/api.w.org\/{rel}","templated":true}]}}